{"id":611,"date":"2026-03-11T16:16:33","date_gmt":"2026-03-11T15:16:33","guid":{"rendered":"https:\/\/brackediakoni.se\/webbshop\/?post_type=product&#038;p=611"},"modified":"2026-03-11T16:21:19","modified_gmt":"2026-03-11T15:21:19","slug":"viljan-att-se-kraften-att-forandra","status":"publish","type":"product","link":"https:\/\/brackediakoni.se\/webbshop\/produkt\/viljan-att-se-kraften-att-forandra\/","title":{"rendered":"Viljan att se, kraften att f\u00f6r\u00e4ndra"},"content":{"rendered":"<p><strong>Br\u00e4cke diakoni startade som en sjukv\u00e5rdsutbildning av diakonissor, <\/strong>ett kyrkligt socialt projekt f\u00f6r att motverka social n\u00f6d och mis\u00e4r. Idag \u00e4r Br\u00e4cke diakoni en av det svenska civilsamh\u00e4llets stora akt\u00f6rer inom v\u00e4lf\u00e4rd. Hur har den utvecklingen sett ut? Och hur har den varit m\u00f6jlig?<\/p>\n<p><strong>F\u00f6lj med p\u00e5 en resa som skildrar stiftelsens f\u00f6rsta hundra \u00e5r.<\/strong> En resa som kantas av stora samh\u00e4llsf\u00f6r\u00e4ndringar och av dj\u00e4rva, pragmatiska steg. En resa som kr\u00e4nger och sv\u00e4nger, men som alltid styrs av det som kommit att bli stiftelsens v\u00e4rdegrund &#8211; viljan att se och kraften att f\u00f6r\u00e4ndra.<\/p>\n<p>&nbsp;<\/p>\n","protected":false},"excerpt":{"rendered":"<p><strong>Inbunden bok<\/strong><\/p>\n<p><strong>Br\u00e4cke diakoni under 100 \u00e5r<br \/>\n<\/strong>Bok utgiven i samband med Br\u00e4cke diakonis 100-\u00e5rsjubileum 2023<\/p>\n<p>Antal sidor: 278<\/p>\n","protected":false},"featured_media":692,"comment_status":"open","ping_status":"closed","template":"","meta":{"_acf_changed":false},"product_brand":[],"product_cat":[37],"product_tag":[],"class_list":{"0":"post-611","1":"product","2":"type-product","3":"status-publish","4":"has-post-thumbnail","6":"product_cat-bracke-diakoni","8":"first","9":"instock","10":"taxable","11":"shipping-taxable","12":"purchasable","13":"product-type-simple"},"acf":[],"_links":{"self":[{"href":"https:\/\/brackediakoni.se\/webbshop\/wp-json\/wp\/v2\/product\/611","targetHints":{"allow":["GET"]}}],"collection":[{"href":"https:\/\/brackediakoni.se\/webbshop\/wp-json\/wp\/v2\/product"}],"about":[{"href":"https:\/\/brackediakoni.se\/webbshop\/wp-json\/wp\/v2\/types\/product"}],"replies":[{"embeddable":true,"href":"https:\/\/brackediakoni.se\/webbshop\/wp-json\/wp\/v2\/comments?post=611"}],"wp:featuredmedia":[{"embeddable":true,"href":"https:\/\/brackediakoni.se\/webbshop\/wp-json\/wp\/v2\/media\/692"}],"wp:attachment":[{"href":"https:\/\/brackediakoni.se\/webbshop\/wp-json\/wp\/v2\/media?parent=611"}],"wp:term":[{"taxonomy":"product_brand","embeddable":true,"href":"https:\/\/brackediakoni.se\/webbshop\/wp-json\/wp\/v2\/product_brand?post=611"},{"taxonomy":"product_cat","embeddable":true,"href":"https:\/\/brackediakoni.se\/webbshop\/wp-json\/wp\/v2\/product_cat?post=611"},{"taxonomy":"product_tag","embeddable":true,"href":"https:\/\/brackediakoni.se\/webbshop\/wp-json\/wp\/v2\/product_tag?post=611"}],"curies":[{"name":"wp","href":"https:\/\/api.w.org\/{rel}","templated":true}]}}